{"id":21083,"date":"2024-06-20T08:38:25","date_gmt":"2024-06-20T06:38:25","guid":{"rendered":"https:\/\/www.nascht.lu\/?page_id=21083"},"modified":"2025-09-16T09:05:46","modified_gmt":"2025-09-16T07:05:46","slug":"mencoes-legais","status":"publish","type":"page","link":"https:\/\/www.nascht.lu\/pt-pt\/mencoes-legais\/","title":{"rendered":"Men\u00e7\u00f5es Legais"},"content":{"rendered":"\t\t<div data-elementor-type=\"wp-page\" data-elementor-id=\"21083\" class=\"elementor elementor-21083 elementor-13443\" data-elementor-post-type=\"page\">\n\t\t\t\t<div class=\"elementor-element elementor-element-1e1de98 e-flex e-con-boxed e-con e-parent\" data-id=\"1e1de98\" data-element_type=\"container\" data-e-type=\"container\">\n\t\t\t\t\t<div class=\"e-con-inner\">\n\t\t\t\t<div class=\"elementor-element elementor-element-622d4be elementor-widget elementor-widget-text-editor\" data-id=\"622d4be\" data-element_type=\"widget\" data-e-type=\"widget\" data-widget_type=\"text-editor.default\">\n\t\t\t\t\t\t\t\t\t<div class=\"selectableSection zw-contentpane\"><h1>MEN\u00c7\u00d5ES LEGAIS<\/h1><h2>Apresenta\u00e7\u00e3o do site<\/h2><p>Nos termos da legisla\u00e7\u00e3o luxemburguesa, que se baseia nas diretivas europeias relativas aos servi\u00e7os digitais, as informa\u00e7\u00f5es relativas aos intervenientes na cria\u00e7\u00e3o e gest\u00e3o deste site s\u00e3o as seguintes:<\/p><ul><li>Propriet\u00e1rio: VLM SARL<\/li><li>Forma jur\u00eddica: Sociedade por Quotas (SARL)<\/li><li>Capital social: 12.500,00 \u20ac<\/li><li>Sede social: 20, rue Dr. Flesch, L-3725 Rumelange, Luxemburgo<\/li><li>N\u00famero RCS Luxemburgo: B175731<\/li><li><a href=\"mailto:support@nascht.lu\">Criadora e Webmaster: Caroline Santos \u2013 <\/a><a class=\"cursor-pointer\" rel=\"noopener\" data-start=\"716\" data-end=\"733\">support@nascht.lu<\/a><\/li><li><span class=\"mergeField\"><a href=\"mailto:info@nascht.lu\">Respons\u00e1vel pela publica\u00e7\u00e3o: VLM SARL \u2013 <\/a><a class=\"cursor-pointer\" rel=\"noopener\" data-start=\"779\" data-end=\"793\">info@nascht.lu<\/a><\/span><\/li><li>Alojamento web: OVH \u2013 2, rue Kellermann, 59100 Roubaix, Fran\u00e7a<\/li><\/ul><h3>Condi\u00e7\u00f5es de utiliza\u00e7\u00e3o<\/h3><p>A utiliza\u00e7\u00e3o do site <a class=\"\" href=\"http:\/\/www.nascht.lu\" target=\"_new\" rel=\"noopener\" data-start=\"922\" data-end=\"935\">www.nascht.lu<\/a> implica a aceita\u00e7\u00e3o plena e completa das condi\u00e7\u00f5es gerais de utiliza\u00e7\u00e3o descritas abaixo, que podem ser modificadas a qualquer momento. Os utilizadores s\u00e3o, por isso, convidados a consult\u00e1-las regularmente.<\/p><h3>Servi\u00e7os prestados<\/h3><p>O site <a class=\"\" href=\"http:\/\/www.nascht.lu\" target=\"_new\" rel=\"noopener\" data-start=\"1184\" data-end=\"1197\">www.nascht.lu<\/a> tem como objetivo fornecer informa\u00e7\u00f5es sobre todas as atividades da empresa VLM SARL. A VLM SARL esfor\u00e7a-se por fornecer informa\u00e7\u00f5es t\u00e3o precisas quanto poss\u00edvel. No entanto, n\u00e3o poder\u00e1 ser responsabilizada por omiss\u00f5es, imprecis\u00f5es ou lacunas, quer sejam da sua responsabilidade ou da responsabilidade de parceiros terceiros.<\/p><h3>Propriedade intelectual<\/h3><p>A VLM SARL det\u00e9m os direitos de propriedade intelectual ou direitos de utiliza\u00e7\u00e3o sobre todos os elementos acess\u00edveis no site, nomeadamente textos, imagens, gr\u00e1ficos, log\u00f3tipos, \u00edcones, sons e software.<br data-start=\"1766\" data-end=\"1769\" \/>\u00c9 proibida qualquer reprodu\u00e7\u00e3o, modifica\u00e7\u00e3o, publica\u00e7\u00e3o ou adapta\u00e7\u00e3o de todo ou parte dos elementos do site, qualquer que seja o meio ou processo utilizado, sem autoriza\u00e7\u00e3o pr\u00e9via por escrito da VLM SARL.<br data-start=\"1973\" data-end=\"1976\" \/>Qualquer utiliza\u00e7\u00e3o n\u00e3o autorizada do site ou de qualquer elemento nele contido ser\u00e1 considerada como infra\u00e7\u00e3o e ser\u00e1 objeto de a\u00e7\u00e3o judicial, nos termos da legisla\u00e7\u00e3o aplic\u00e1vel em mat\u00e9ria de propriedade intelectual.<\/p><h3>Limita\u00e7\u00f5es de responsabilidade<\/h3><p>O utilizador do site <a class=\"\" href=\"http:\/\/www.nascht.lu\" target=\"_new\" rel=\"noopener\" data-start=\"2260\" data-end=\"2273\">www.nascht.lu<\/a> compromete-se a aceder ao site com equipamento recente, livre de v\u00edrus e utilizando um navegador atualizado.<br data-start=\"2382\" data-end=\"2385\" \/>A VLM SARL n\u00e3o poder\u00e1 ser responsabilizada por danos diretos ou indiretos causados ao equipamento do utilizador durante o acesso ao site, resultantes do uso de material que n\u00e3o cumpra as especifica\u00e7\u00f5es indicadas, do aparecimento de bugs ou de incompatibilidades.<br data-start=\"2647\" data-end=\"2650\" \/>A VLM SARL tamb\u00e9m n\u00e3o poder\u00e1 ser responsabilizada por danos indiretos (tais como perda de oportunidade ou perda de mercado) resultantes da utiliza\u00e7\u00e3o do site <a class=\"\" href=\"http:\/\/www.nascht.lu\" target=\"_new\" rel=\"noopener\" data-start=\"2808\" data-end=\"2821\">www.nascht.lu<\/a>.<\/p><h3>Liga\u00e7\u00f5es hipertextuais e cookies<\/h3><p data-start=\"2871\" data-end=\"3140\">O site <a class=\"\" href=\"http:\/\/www.nascht.lu\" target=\"_new\" rel=\"noopener\" data-start=\"2878\" data-end=\"2891\">www.nascht.lu<\/a> cont\u00e9m v\u00e1rios links para outros sites, colocados com a autoriza\u00e7\u00e3o da VLM SARL.<br data-start=\"2971\" data-end=\"2974\" \/>A VLM SARL n\u00e3o tem possibilidade de verificar o conte\u00fado desses sites externos e n\u00e3o assume, por conseguinte, qualquer responsabilidade relativamente ao seu conte\u00fado.<\/p><p data-start=\"3142\" data-end=\"3381\">A navega\u00e7\u00e3o no site <a class=\"\" href=\"http:\/\/www.nascht.lu\" target=\"_new\" rel=\"noopener\" data-start=\"3162\" data-end=\"3175\">www.nascht.lu<\/a> pode originar a instala\u00e7\u00e3o de cookies no dispositivo do utilizador. Para mais informa\u00e7\u00f5es sobre a utiliza\u00e7\u00e3o de cookies e a forma como os pode gerir, consulte a <a href=\"https:\/\/www.nascht.lu\/pt-pt\/gestao-de-cookies\/\">nossa p\u00e1gina dedicada \u00e0 pol\u00edtica de cookies<\/a>.<\/p><br \/><h3>Legisla\u00e7\u00e3o aplic\u00e1vel<\/h3><p>As presentes condi\u00e7\u00f5es de utiliza\u00e7\u00e3o do site <a class=\"\" href=\"http:\/\/www.nascht.lu\" target=\"_new\" rel=\"noopener\" data-start=\"3463\" data-end=\"3476\">www.nascht.lu<\/a> s\u00e3o regidas pela legisla\u00e7\u00e3o luxemburguesa e pelas diretivas europeias em vigor.<br data-start=\"3556\" data-end=\"3559\" \/>Qualquer lit\u00edgio relativo \u00e0 interpreta\u00e7\u00e3o ou execu\u00e7\u00e3o destas condi\u00e7\u00f5es ser\u00e1 da compet\u00eancia exclusiva dos tribunais luxemburgueses.<\/p><h3>L\u00e9xico<\/h3><ul class=\"lst-12521802--1\" data-list=\"listId:12521802,listLevel:0\"><li>Propriet\u00e1rio do site: Respons\u00e1vel legal pelas informa\u00e7\u00f5es publicadas no site.<\/li><li>Webmaster: Pessoa respons\u00e1vel pela manuten\u00e7\u00e3o t\u00e9cnica e pelas atualiza\u00e7\u00f5es t\u00e9cnicas do site.<\/li><li>Respons\u00e1vel pela publica\u00e7\u00e3o: Pessoa respons\u00e1vel pela atualiza\u00e7\u00e3o dos conte\u00fados (textos, imagens, multim\u00e9dia, etc.) no site.<\/li><li>Alojador (hospedagem): Entidade respons\u00e1vel pelo espa\u00e7o de armazenamento do site na internet.<\/li><li>Utilizador: Internauta que acede e utiliza o site acima mencionado.<\/li><li>Informa\u00e7\u00f5es pessoais: Informa\u00e7\u00f5es que, sob qualquer forma, direta ou indiretamente, permitem a identifica\u00e7\u00e3o de pessoas singulares a quem se referem.<\/li><\/ul><\/div>\t\t\t\t\t\t\t\t<\/div>\n\t\t\t\t\t<\/div>\n\t\t\t\t<\/div>\n\t\t<div class=\"elementor-element elementor-element-1506177 e-con-full e-flex e-con e-parent\" data-id=\"1506177\" data-element_type=\"container\" data-e-type=\"container\" data-settings=\"{&quot;background_background&quot;:&quot;classic&quot;}\">\n\t\t<div class=\"elementor-element elementor-element-9999319 e-con-full e-flex e-con e-child\" data-id=\"9999319\" data-element_type=\"container\" data-e-type=\"container\" data-settings=\"{&quot;background_background&quot;:&quot;classic&quot;}\">\n\t\t\t\t<div class=\"elementor-element elementor-element-2ea0c14 elementor-widget elementor-widget-spacer\" data-id=\"2ea0c14\" data-element_type=\"widget\" data-e-type=\"widget\" data-widget_type=\"spacer.default\">\n\t\t\t\t\t\t\t<div class=\"elementor-spacer\">\n\t\t\t<div class=\"elementor-spacer-inner\"><\/div>\n\t\t<\/div>\n\t\t\t\t\t\t<\/div>\n\t\t\t\t<div class=\"elementor-element elementor-element-ffac629 elementor-widget elementor-widget-mediteraneo_core_section_title\" data-id=\"ffac629\" data-element_type=\"widget\" data-e-type=\"widget\" data-widget_type=\"mediteraneo_core_section_title.default\">\n\t\t\t\t<div class=\"elementor-widget-container\">\n\t\t\t\t\t<div class=\"qodef-shortcode qodef-m  qodef-section-title qodef-custom-font-809 qodef-alignment--center qodef-show-decoration--no \">\n\t\t\t<h2 class=\"qodef-m-title\" >\n\t\t\t\t\tJuntar-se ao ninho\t\t\t<\/h2>\n\t\t<p class=\"qodef-m-text\" >Preencha o formul\u00e1rio para obter mais informa\u00e7\u00f5es e receber um convite para a visita.<\/p>\n\t\t<a class=\"qodef-shortcode qodef-m  qodef-button qodef-layout--filled  qodef-html--link\" href=\"https:\/\/www.nascht.lu\/pt-pt\/contacto\/\" target=\"_self\" data-hover-background-color=\"#FFFFFF\" style=\"background-color: #FFFFFF\">\t<span class=\"qodef-m-text\">Contactar-nos<\/span><\/a>\t<\/div>\n\t\t\t\t<\/div>\n\t\t\t\t<\/div>\n\t\t\t\t<div class=\"elementor-element elementor-element-db7ef41 elementor-widget elementor-widget-spacer\" data-id=\"db7ef41\" data-element_type=\"widget\" data-e-type=\"widget\" data-widget_type=\"spacer.default\">\n\t\t\t\t\t\t\t<div class=\"elementor-spacer\">\n\t\t\t<div class=\"elementor-spacer-inner\"><\/div>\n\t\t<\/div>\n\t\t\t\t\t\t<\/div>\n\t\t\t\t<\/div>\n\t\t<div class=\"elementor-element elementor-element-8f2ec17 e-con-full elementor-hidden-mobile e-flex e-con e-child\" data-id=\"8f2ec17\" data-element_type=\"container\" data-e-type=\"container\" data-settings=\"{&quot;background_background&quot;:&quot;classic&quot;,&quot;background_motion_fx_motion_fx_scrolling&quot;:&quot;yes&quot;,&quot;background_motion_fx_translateY_effect&quot;:&quot;yes&quot;,&quot;background_motion_fx_translateY_speed&quot;:{&quot;unit&quot;:&quot;px&quot;,&quot;size&quot;:0.5,&quot;sizes&quot;:[]},&quot;background_motion_fx_translateX_effect&quot;:&quot;yes&quot;,&quot;background_motion_fx_translateX_speed&quot;:{&quot;unit&quot;:&quot;px&quot;,&quot;size&quot;:0.5,&quot;sizes&quot;:[]},&quot;background_motion_fx_translateY_affectedRange&quot;:{&quot;unit&quot;:&quot;%&quot;,&quot;size&quot;:&quot;&quot;,&quot;sizes&quot;:{&quot;start&quot;:0,&quot;end&quot;:100}},&quot;background_motion_fx_translateX_affectedRange&quot;:{&quot;unit&quot;:&quot;%&quot;,&quot;size&quot;:&quot;&quot;,&quot;sizes&quot;:{&quot;start&quot;:0,&quot;end&quot;:100}},&quot;background_motion_fx_devices&quot;:[&quot;desktop&quot;,&quot;tablet&quot;,&quot;mobile&quot;]}\">\n\t\t\t\t<\/div>\n\t\t\t\t<\/div>\n\t\t\t\t<\/div>\n\t\t","protected":false},"excerpt":{"rendered":"<p>MEN\u00c7\u00d5ES LEGAIS Apresenta\u00e7\u00e3o do site Nos termos da legisla\u00e7\u00e3o luxemburguesa, que se baseia nas diretivas europeias relativas aos servi\u00e7os digitais, as informa\u00e7\u00f5es relativas aos intervenientes na cria\u00e7\u00e3o e gest\u00e3o deste site s\u00e3o as seguintes: Propriet\u00e1rio: VLM SARL Forma jur\u00eddica: Sociedade por Quotas (SARL) Capital social: 12.500,00 \u20ac Sede social: 20, rue Dr. Flesch, L-3725 Rumelange, [&hellip;]<\/p>\n","protected":false},"author":1,"featured_media":0,"parent":0,"menu_order":0,"comment_status":"closed","ping_status":"closed","template":"page-full-width.php","meta":{"footnotes":""},"class_list":["post-21083","page","type-page","status-publish","hentry"],"aioseo_notices":[],"_links":{"self":[{"href":"https:\/\/www.nascht.lu\/pt-pt\/wp-json\/wp\/v2\/pages\/21083","targetHints":{"allow":["GET"]}}],"collection":[{"href":"https:\/\/www.nascht.lu\/pt-pt\/wp-json\/wp\/v2\/pages"}],"about":[{"href":"https:\/\/www.nascht.lu\/pt-pt\/wp-json\/wp\/v2\/types\/page"}],"author":[{"embeddable":true,"href":"https:\/\/www.nascht.lu\/pt-pt\/wp-json\/wp\/v2\/users\/1"}],"replies":[{"embeddable":true,"href":"https:\/\/www.nascht.lu\/pt-pt\/wp-json\/wp\/v2\/comments?post=21083"}],"version-history":[{"count":7,"href":"https:\/\/www.nascht.lu\/pt-pt\/wp-json\/wp\/v2\/pages\/21083\/revisions"}],"predecessor-version":[{"id":22329,"href":"https:\/\/www.nascht.lu\/pt-pt\/wp-json\/wp\/v2\/pages\/21083\/revisions\/22329"}],"wp:attachment":[{"href":"https:\/\/www.nascht.lu\/pt-pt\/wp-json\/wp\/v2\/media?parent=21083"}],"curies":[{"name":"wp","href":"https:\/\/api.w.org\/{rel}","templated":true}]}}